{"id":709,"date":"2024-12-02T12:26:15","date_gmt":"2024-12-02T12:26:15","guid":{"rendered":"https:\/\/quizzical-hopper.141-94-141-194.plesk.page\/?page_id=709"},"modified":"2026-04-01T07:55:48","modified_gmt":"2026-04-01T07:55:48","slug":"transmissio-2026","status":"publish","type":"page","link":"https:\/\/transmissio.org\/index.php\/transmissio-2026\/","title":{"rendered":"Transmissio 2026"},"content":{"rendered":"\t\t<div data-elementor-type=\"wp-page\" data-elementor-id=\"709\" class=\"elementor elementor-709\">\n\t\t\t\t<div class=\"elementor-element elementor-element-15a74edf e-flex e-con-boxed parallax_section_no qode_elementor_container_no e-con e-parent\" data-id=\"15a74edf\" data-element_type=\"container\" data-e-type=\"container\" data-settings=\"{&quot;background_background&quot;:&quot;classic&quot;}\">\n\t\t\t\t\t<div class=\"e-con-inner\">\n\t\t<div class=\"elementor-element elementor-element-368358b e-con-full e-flex parallax_section_no qode_elementor_container_no e-con e-child\" data-id=\"368358b\" data-element_type=\"container\" data-e-type=\"container\">\n\t\t\t\t<div class=\"elementor-element elementor-element-9be712f elementor-widget elementor-widget-heading\" data-id=\"9be712f\" data-element_type=\"widget\" data-e-type=\"widget\" data-widget_type=\"heading.default\">\n\t\t\t\t<div class=\"elementor-widget-container\">\n\t\t\t\t\t<h2 class=\"elementor-heading-title elementor-size-default\">TRANSMISSIO 2026 : LA MISSION ! <\/h2>\t\t\t\t<\/div>\n\t\t\t\t<\/div>\n\t\t\t\t<\/div>\n\t\t\t\t\t<\/div>\n\t\t\t\t<\/div>\n\t\t<div class=\"elementor-element elementor-element-d01f552 e-flex e-con-boxed parallax_section_no qode_elementor_container_no e-con e-parent\" data-id=\"d01f552\" data-element_type=\"container\" data-e-type=\"container\">\n\t\t\t\t\t<div class=\"e-con-inner\">\n\t\t<div class=\"elementor-element elementor-element-2365509 e-con-full e-flex parallax_section_no qode_elementor_container_no e-con e-child\" data-id=\"2365509\" data-element_type=\"container\" data-e-type=\"container\">\n\t\t\t\t<div class=\"elementor-element elementor-element-02dd7f6 elementor-widget elementor-widget-image\" data-id=\"02dd7f6\" data-element_type=\"widget\" data-e-type=\"widget\" data-widget_type=\"image.default\">\n\t\t\t\t<div class=\"elementor-widget-container\">\n\t\t\t\t\t\t\t\t\t\t\t\t\t\t\t<img fetchpriority=\"high\" decoding=\"async\" width=\"650\" height=\"1300\" src=\"https:\/\/transmissio.org\/wp-content\/uploads\/2026\/02\/Transmissio-64-650x1300.jpg\" class=\"attachment-qi_addons_for_elementor_image_size_portrait size-qi_addons_for_elementor_image_size_portrait wp-image-2016\" alt=\"\" srcset=\"https:\/\/transmissio.org\/wp-content\/uploads\/2026\/02\/Transmissio-64-650x1300.jpg 650w, https:\/\/transmissio.org\/wp-content\/uploads\/2026\/02\/Transmissio-64-500x1000.jpg 500w\" sizes=\"(max-width: 650px) 100vw, 650px\" \/>\t\t\t\t\t\t\t\t\t\t\t\t\t\t\t<\/div>\n\t\t\t\t<\/div>\n\t\t\t\t<\/div>\n\t\t<div class=\"elementor-element elementor-element-975f667 e-con-full e-flex parallax_section_no qode_elementor_container_no e-con e-child\" data-id=\"975f667\" data-element_type=\"container\" data-e-type=\"container\">\n\t\t\t\t<div class=\"elementor-element elementor-element-be51c92 elementor-widget elementor-widget-text-editor\" data-id=\"be51c92\" data-element_type=\"widget\" data-e-type=\"widget\" data-widget_type=\"text-editor.default\">\n\t\t\t\t<div class=\"elementor-widget-container\">\n\t\t\t\t\t\t\t\t\t<p><span style=\"font-weight: 400;\">Cette 2<\/span><span style=\"font-weight: 400;\">\u00e8me<\/span><span style=\"font-weight: 400;\"> \u00e9dition de Transmissio sera plac\u00e9e sous le th\u00e8me de <strong>La Mission,<\/strong> dans la continuit\u00e9 du p\u00e8lerinage de Notre-Dame de Chr\u00e9tient\u00e9.\u00a0<\/span><\/p><p>\u00a0<\/p><p><span style=\"font-weight: 400;\"><em>Les vacances avec le Bon Dieu<\/em> proposent de faire vivre aux familles l\u2019<em><strong>eutrap\u00e9lie<\/strong><\/em>, cette vertu qui appelle \u00e0 savoir vraiment se d\u00e9tendre pendant les vacances. St Thomas la consid\u00e8re vitale : <\/span><span style=\"font-weight: 400;\">\u00ab <\/span><i><span style=\"font-weight: 400;\">Le repos de l\u2019esprit, c\u2019est le plaisir. C\u2019est pourquoi il faut rem\u00e9dier \u00e0 la fatigue de l\u2019esprit en s\u2019accordant quelque plaisir. L\u2019esprit de l\u2019homme se briserait s\u2019il ne se rel\u00e2chait jamais de son application. Cela s\u2019appelle divertissements ou r\u00e9cr\u00e9ations, le jeu, les plaisanteries. Il est donc n\u00e9cessaire d\u2019en user de temps \u00e0 autre pour donner \u00e0 l\u2019esprit un certain repos. \u00bb.\u00a0<\/span><\/i><\/p><p>\u00a0<\/p><p><span style=\"font-weight: 400;\">Une <strong>vraie<\/strong> d\u00e9tente, une <strong>saine<\/strong> d\u00e9tente, <strong>tourn\u00e9e vers la joie de Dieu, comme un avant go\u00fbt du paradis :<\/strong> une pause permettant de se ressourcer physiquement et spirituellement, conjugalement et familialement. Une <strong>vraie d\u00e9tente tourn\u00e9e vers mon prochain,<\/strong> le service, l\u2019entraide, la joie de moments simples et partag\u00e9s, <strong>l\u2019incarnation de l\u2019amiti\u00e9 chr\u00e9tienne.\u00a0<\/strong><\/span><\/p><p>\u00a0<\/p><p><span style=\"font-weight: 400;\"><strong>La Mission, th\u00e8me de Transmission 2026, fait intrins\u00e8quement partie des piliers de Transmissio :<\/strong> elle recouvre deux facettes, la <strong>transmission interne<\/strong> et le <strong>rayonnement externe.<\/strong>\u00a0<\/span><span style=\"font-weight: 400;\">Transmission de notre foi \u00e0 nos enfants, transmission de notre foi dans nos vies personnelles, amicales, professionnelles, associatives, ou d\u2019engagement dans la Cit\u00e9.\u00a0<\/span><span style=\"font-weight: 400;\"><strong>Ensemble, r\u00e9pondons \u00e0 l\u2019appel du pape L\u00e9on XIV,<\/strong> qui a proclam\u00e9 le 5 octobre 2025 \u00ab <\/span><i><span style=\"font-weight: 400;\">une nouvelle \u00e8re missionnaire dans l\u2019histoire de l\u2019\u00c9glise<\/span><\/i><span style=\"font-weight: 400;\"> \u00bb\u00a0 !<\/span><\/p><p>\u00a0<\/p><p><span style=\"font-weight: 400;\"><strong>La premi\u00e8re exigence de la Mission est celle de la pri\u00e8re,<\/strong> sans laquelle toute action serait vaine. Saint Charles de Foucauld nous le rappelle : \u00ab <em>L\u2019\u00e2me produira des fruits exactement dans la mesure o\u00f9 l\u2019homme int\u00e9rieur se sera form\u00e9 en elle&#8230; <\/em><\/span><em><b>Si cette vie int\u00e9rieure est nulle, il y aura beau avoir du z\u00e8le, de bonnes intentions, beaucoup de travail, les fruits seront nuls<\/b><span style=\"font-weight: 400;\">. C\u2019est une source qui voudrait donner la saintet\u00e9 aux autres, mais qui ne peut, ne l\u2019ayant pas ; <\/span><b>on ne donne que ce qu\u2019on a <\/b><\/em><span style=\"font-weight: 400;\"><em>\u00bb<\/em> (Lettre au p\u00e8re J\u00e9r\u00f4me, 19 mai 1898 (OS p.765).<\/span><\/p><p>\u00a0<\/p><p><span style=\"font-weight: 400;\">Forts de l\u2019eutrap\u00e9lie cultiv\u00e9e pendant ces <em>Vacances avec le Bon Dieu,<\/em> <strong><em>sachons faire preuve de parrh\u00e8sia,<\/em><\/strong> cette hardiesse d\u2019annoncer <strong>comme la plus grande des urgences, le Christ,\u00a0 TOUT le Christ.<\/strong><\/span><\/p>\t\t\t\t\t\t\t\t<\/div>\n\t\t\t\t<\/div>\n\t\t\t\t<\/div>\n\t\t\t\t\t<\/div>\n\t\t\t\t<\/div>\n\t\t<div class=\"elementor-element elementor-element-414ea4f e-flex e-con-boxed parallax_section_no qode_elementor_container_no e-con e-parent\" data-id=\"414ea4f\" data-element_type=\"container\" data-e-type=\"container\" data-settings=\"{&quot;background_background&quot;:&quot;classic&quot;}\">\n\t\t\t\t\t<div class=\"e-con-inner\">\n\t\t\t\t<div class=\"elementor-element elementor-element-2d68d60 elementor-widget elementor-widget-text-editor\" data-id=\"2d68d60\" data-element_type=\"widget\" data-e-type=\"widget\" data-widget_type=\"text-editor.default\">\n\t\t\t\t<div class=\"elementor-widget-container\">\n\t\t\t\t\t\t\t\t\t<h3><span style=\"color: #ffffff;\">PROGRAMME DES VACANCES\u00a0<\/span><\/h3>\t\t\t\t\t\t\t\t<\/div>\n\t\t\t\t<\/div>\n\t\t\t\t\t<\/div>\n\t\t\t\t<\/div>\n\t\t<div class=\"elementor-element elementor-element-17c526c e-flex e-con-boxed parallax_section_no qode_elementor_container_no e-con e-parent\" data-id=\"17c526c\" data-element_type=\"container\" data-e-type=\"container\">\n\t\t\t\t\t<div class=\"e-con-inner\">\n\t\t<div class=\"elementor-element elementor-element-7fd8e74 e-con-full e-flex parallax_section_no qode_elementor_container_no e-con e-child\" data-id=\"7fd8e74\" data-element_type=\"container\" data-e-type=\"container\">\n\t\t\t\t<div class=\"elementor-element elementor-element-9d0a3ad elementor-widget elementor-widget-image\" data-id=\"9d0a3ad\" data-element_type=\"widget\" data-e-type=\"widget\" data-widget_type=\"image.default\">\n\t\t\t\t<div class=\"elementor-widget-container\">\n\t\t\t\t\t\t\t\t\t\t\t\t\t\t\t<img decoding=\"async\" width=\"1024\" height=\"768\" src=\"https:\/\/transmissio.org\/wp-content\/uploads\/2026\/01\/Transmissio-\u00a9Louis-Jamin-Les-lieux-2-1024x768.jpeg\" class=\"attachment-large size-large wp-image-1946\" alt=\"\" srcset=\"https:\/\/transmissio.org\/wp-content\/uploads\/2026\/01\/Transmissio-\u00a9Louis-Jamin-Les-lieux-2-1024x768.jpeg 1024w, https:\/\/transmissio.org\/wp-content\/uploads\/2026\/01\/Transmissio-\u00a9Louis-Jamin-Les-lieux-2-300x225.jpeg 300w, https:\/\/transmissio.org\/wp-content\/uploads\/2026\/01\/Transmissio-\u00a9Louis-Jamin-Les-lieux-2-768x576.jpeg 768w, https:\/\/transmissio.org\/wp-content\/uploads\/2026\/01\/Transmissio-\u00a9Louis-Jamin-Les-lieux-2-1536x1152.jpeg 1536w, https:\/\/transmissio.org\/wp-content\/uploads\/2026\/01\/Transmissio-\u00a9Louis-Jamin-Les-lieux-2-2048x1536.jpeg 2048w, https:\/\/transmissio.org\/wp-content\/uploads\/2026\/01\/Transmissio-\u00a9Louis-Jamin-Les-lieux-2-800x600.jpeg 800w, https:\/\/transmissio.org\/wp-content\/uploads\/2026\/01\/Transmissio-\u00a9Louis-Jamin-Les-lieux-2-700x525.jpeg 700w, https:\/\/transmissio.org\/wp-content\/uploads\/2026\/01\/Transmissio-\u00a9Louis-Jamin-Les-lieux-2-1320x990.jpeg 1320w\" sizes=\"(max-width: 1024px) 100vw, 1024px\" \/>\t\t\t\t\t\t\t\t\t\t\t\t\t\t\t<\/div>\n\t\t\t\t<\/div>\n\t\t\t\t<\/div>\n\t\t<div class=\"elementor-element elementor-element-8b7c59c e-con-full e-flex parallax_section_no qode_elementor_container_no e-con e-child\" data-id=\"8b7c59c\" data-element_type=\"container\" data-e-type=\"container\">\n\t\t\t\t<div class=\"elementor-element elementor-element-8247b8d elementor-widget elementor-widget-text-editor\" data-id=\"8247b8d\" data-element_type=\"widget\" data-e-type=\"widget\" data-widget_type=\"text-editor.default\">\n\t\t\t\t<div class=\"elementor-widget-container\">\n\t\t\t\t\t\t\t\t\t<h4><strong><span style=\"color: #000000;\">VENDREDI 21 AO\u00dbT 2026 : ARRIV\u00c9E DES FAMILLES<\/span><\/strong><\/h4><p>Nous serons heureux de vous accueillir \u00e0 partir de 17h et de vous permettre de prendre possession de vos chambres (linge compris et lits faits \u00e0 votre arriv\u00e9e) ou de votre emplacement de tente avant le cocktail d\u00eenatoire de bienvenue \u00e0 19h30.<\/p><p>\u00a0<\/p><p>Si vos contraintes ne vous permettent pas d&rsquo;arriver entre 17h et 19h, fa\u00eetes-le nous savoir, nous nous organiserons en cons\u00e9quence.<\/p>\t\t\t\t\t\t\t\t<\/div>\n\t\t\t\t<\/div>\n\t\t\t\t<\/div>\n\t\t\t\t\t<\/div>\n\t\t\t\t<\/div>\n\t\t<div class=\"elementor-element elementor-element-c8543a6 e-flex e-con-boxed parallax_section_no qode_elementor_container_no e-con e-parent\" data-id=\"c8543a6\" data-element_type=\"container\" data-e-type=\"container\">\n\t\t\t\t\t<div class=\"e-con-inner\">\n\t\t\t\t<div class=\"elementor-element elementor-element-5fa6f2b elementor-widget elementor-widget-text-editor\" data-id=\"5fa6f2b\" data-element_type=\"widget\" data-e-type=\"widget\" data-widget_type=\"text-editor.default\">\n\t\t\t\t<div class=\"elementor-widget-container\">\n\t\t\t\t\t\t\t\t\t<h6 style=\"text-align: center;\"><span style=\"color: #333399;\">DEUX MESSES QUOTIDIENNES LE MATIN : UNE POUR LES ENFANTS ET UNE POUR LES PARENTS. SEULE LA MESSE DE LA ST LOUIS SERA FAMILIALE<\/span><\/h6><p style=\"text-align: center;\">Les enfants sont pris en charge:<br \/>&#8211; de 1 \u00e0 3ans: de 9h \u00e0 12h, puis de 15h \u00e0 17h. <br \/>&#8211; de 4 \u00e0 12ans: de 9h \u00e0 13h15 puis de 15h \u00e0 17h<\/p><p style=\"text-align: center;\">Les b\u00e9b\u00e9s de moins de 1 an restent avec leurs parents<\/p>\t\t\t\t\t\t\t\t<\/div>\n\t\t\t\t<\/div>\n\t\t\t\t\t<\/div>\n\t\t\t\t<\/div>\n\t\t<div class=\"elementor-element elementor-element-279510f e-flex e-con-boxed parallax_section_no qode_elementor_container_no e-con e-parent\" data-id=\"279510f\" data-element_type=\"container\" data-e-type=\"container\">\n\t\t\t\t\t<div class=\"e-con-inner\">\n\t\t<div class=\"elementor-element elementor-element-7440fb0 e-con-full e-flex parallax_section_no qode_elementor_container_no e-con e-child\" data-id=\"7440fb0\" data-element_type=\"container\" data-e-type=\"container\">\n\t\t\t\t<div class=\"elementor-element elementor-element-b4366f2 elementor-widget elementor-widget-image\" data-id=\"b4366f2\" data-element_type=\"widget\" data-e-type=\"widget\" data-widget_type=\"image.default\">\n\t\t\t\t<div class=\"elementor-widget-container\">\n\t\t\t\t\t\t\t\t\t\t\t\t\t\t\t<img decoding=\"async\" width=\"683\" height=\"1024\" src=\"https:\/\/transmissio.org\/wp-content\/uploads\/2026\/01\/ST-FRANCOIS-XAVIER-683x1024.png\" class=\"attachment-large size-large wp-image-1945\" alt=\"\" srcset=\"https:\/\/transmissio.org\/wp-content\/uploads\/2026\/01\/ST-FRANCOIS-XAVIER-683x1024.png 683w, https:\/\/transmissio.org\/wp-content\/uploads\/2026\/01\/ST-FRANCOIS-XAVIER-200x300.png 200w, https:\/\/transmissio.org\/wp-content\/uploads\/2026\/01\/ST-FRANCOIS-XAVIER-768x1152.png 768w, https:\/\/transmissio.org\/wp-content\/uploads\/2026\/01\/ST-FRANCOIS-XAVIER-700x1050.png 700w, https:\/\/transmissio.org\/wp-content\/uploads\/2026\/01\/ST-FRANCOIS-XAVIER.png 1024w\" sizes=\"(max-width: 683px) 100vw, 683px\" \/>\t\t\t\t\t\t\t\t\t\t\t\t\t\t\t<\/div>\n\t\t\t\t<\/div>\n\t\t\t\t<\/div>\n\t\t<div class=\"elementor-element elementor-element-3b1ba0d e-con-full e-flex parallax_section_no qode_elementor_container_no e-con e-child\" data-id=\"3b1ba0d\" data-element_type=\"container\" data-e-type=\"container\">\n\t\t\t\t<div class=\"elementor-element elementor-element-43005a6 elementor-widget elementor-widget-text-editor\" data-id=\"43005a6\" data-element_type=\"widget\" data-e-type=\"widget\" data-widget_type=\"text-editor.default\">\n\t\t\t\t<div class=\"elementor-widget-container\">\n\t\t\t\t\t\t\t\t\t<h4>\u00a0<strong><span style=\"color: #000000;\">POUR LES ENFANTS ET POUR LES ADOLESCENTS<\/span><\/strong><\/h4><p>Le programme de formation est en cours d&rsquo;\u00e9laboration pour les Hermine (4-7 ans), Faon (8-11 ans), Chevreuil (12-14 ans) et Cerf (15-18 ans).<\/p><p>Il s&rsquo;articule autour d&rsquo;un grand parcours \u00e9ducatif et spirituel sur 4 jours, inspir\u00e9 de la Route de la Soie et de St Fran\u00e7ois-Xavier, en partenariat avec Esprit de Patronage.\u00a0<\/p><p>Chaque tranche d&rsquo;\u00e2ge recevra un enseignement cat\u00e9ch\u00e9tique quotidien dispens\u00e9 par un Abb\u00e9 sur le th\u00e8me de la Mission et d&rsquo;une dur\u00e9e conforme \u00e0 sa maturit\u00e9. Cet enseignement sera compl\u00e9t\u00e9 d&rsquo;activit\u00e9s diverses pour le prolonger de mani\u00e8re ludique et participative. Le programme sera pr\u00e9cis\u00e9 dans les semaines \u00e0 venir.\u00a0<\/p>\t\t\t\t\t\t\t\t<\/div>\n\t\t\t\t<\/div>\n\t\t\t\t<\/div>\n\t\t\t\t\t<\/div>\n\t\t\t\t<\/div>\n\t\t<div class=\"elementor-element elementor-element-8999596 e-flex e-con-boxed parallax_section_no qode_elementor_container_no e-con e-parent\" data-id=\"8999596\" data-element_type=\"container\" data-e-type=\"container\">\n\t\t\t\t\t<div class=\"e-con-inner\">\n\t\t<div class=\"elementor-element elementor-element-1c8e108 e-con-full e-flex parallax_section_no qode_elementor_container_no e-con e-child\" data-id=\"1c8e108\" data-element_type=\"container\" data-e-type=\"container\">\n\t\t\t\t<div class=\"elementor-element elementor-element-da8cf6a elementor-widget elementor-widget-image\" data-id=\"da8cf6a\" data-element_type=\"widget\" data-e-type=\"widget\" data-widget_type=\"image.default\">\n\t\t\t\t<div class=\"elementor-widget-container\">\n\t\t\t\t\t\t\t\t\t\t\t\t\t\t\t<img loading=\"lazy\" decoding=\"async\" width=\"600\" height=\"765\" src=\"https:\/\/transmissio.org\/wp-content\/uploads\/2026\/04\/RONAN-DENIS-600x765.webp\" class=\"attachment-portfolio-portrait size-portfolio-portrait wp-image-2054\" alt=\"\" \/>\t\t\t\t\t\t\t\t\t\t\t\t\t\t\t<\/div>\n\t\t\t\t<\/div>\n\t\t\t\t<\/div>\n\t\t<div class=\"elementor-element elementor-element-323e668 e-con-full e-flex parallax_section_no qode_elementor_container_no e-con e-child\" data-id=\"323e668\" data-element_type=\"container\" data-e-type=\"container\">\n\t\t\t\t<div class=\"elementor-element elementor-element-2d99d65 elementor-widget elementor-widget-text-editor\" data-id=\"2d99d65\" data-element_type=\"widget\" data-e-type=\"widget\" data-widget_type=\"text-editor.default\">\n\t\t\t\t<div class=\"elementor-widget-container\">\n\t\t\t\t\t\t\t\t\t<h4><span style=\"color: #333333;\"><strong>NOUVEAUT\u00c9 ADULTES<\/strong><\/span><\/h4><div>Le ressourcement familial passe souvent par la capacit\u00e9 de r\u00e9apprivoiser son couple, \u00e0 la mani\u00e8re du Petit prince d&rsquo;Antoine de St Exup\u00e9ry. Ces vacances permettent d&rsquo;en prendre le temps.\u00a0<\/div><div>Ronan Denis, psychologue expert dans les liens conjugaux et l&rsquo;\u00e9quilibre familial sera pr\u00e9sent durant toutes ces vacances pour recevoir, dans la plus grande discr\u00e9tion et confidentialit\u00e9, \u00a0tout couple d\u00e9sireux de rendre sa situation plus lisible pour permettre des ajustements concrets l\u00e0 o\u00f9 des tensions ou des blocages se sont install\u00e9s.<\/div><div><div dir=\"auto\">\u00a0<\/div><\/div>\t\t\t\t\t\t\t\t<\/div>\n\t\t\t\t<\/div>\n\t\t\t\t<\/div>\n\t\t\t\t\t<\/div>\n\t\t\t\t<\/div>\n\t\t<div class=\"elementor-element elementor-element-899f6ca e-flex e-con-boxed parallax_section_no qode_elementor_container_no e-con e-parent\" data-id=\"899f6ca\" data-element_type=\"container\" data-e-type=\"container\">\n\t\t\t\t\t<div class=\"e-con-inner\">\n\t\t<div class=\"elementor-element elementor-element-4a90eb8 e-con-full e-flex parallax_section_no qode_elementor_container_no e-con e-child\" data-id=\"4a90eb8\" data-element_type=\"container\" data-e-type=\"container\">\n\t\t\t\t<div class=\"elementor-element elementor-element-c8f6c01 elementor-widget elementor-widget-image\" data-id=\"c8f6c01\" data-element_type=\"widget\" data-e-type=\"widget\" data-widget_type=\"image.default\">\n\t\t\t\t<div class=\"elementor-widget-container\">\n\t\t\t\t\t\t\t\t\t\t\t\t\t\t\t<img loading=\"lazy\" decoding=\"async\" width=\"683\" height=\"1024\" src=\"https:\/\/transmissio.org\/wp-content\/uploads\/2026\/01\/St-francois-de-sales-683x1024.png\" class=\"attachment-large size-large wp-image-1941\" alt=\"\" srcset=\"https:\/\/transmissio.org\/wp-content\/uploads\/2026\/01\/St-francois-de-sales-683x1024.png 683w, https:\/\/transmissio.org\/wp-content\/uploads\/2026\/01\/St-francois-de-sales-200x300.png 200w, https:\/\/transmissio.org\/wp-content\/uploads\/2026\/01\/St-francois-de-sales-768x1152.png 768w, https:\/\/transmissio.org\/wp-content\/uploads\/2026\/01\/St-francois-de-sales-700x1050.png 700w, https:\/\/transmissio.org\/wp-content\/uploads\/2026\/01\/St-francois-de-sales.png 1024w\" sizes=\"(max-width: 683px) 100vw, 683px\" \/>\t\t\t\t\t\t\t\t\t\t\t\t\t\t\t<\/div>\n\t\t\t\t<\/div>\n\t\t\t\t<\/div>\n\t\t<div class=\"elementor-element elementor-element-aa3d265 e-con-full e-flex parallax_section_no qode_elementor_container_no e-con e-child\" data-id=\"aa3d265\" data-element_type=\"container\" data-e-type=\"container\">\n\t\t\t\t<div class=\"elementor-element elementor-element-b201dba elementor-widget elementor-widget-text-editor\" data-id=\"b201dba\" data-element_type=\"widget\" data-e-type=\"widget\" data-widget_type=\"text-editor.default\">\n\t\t\t\t<div class=\"elementor-widget-container\">\n\t\t\t\t\t\t\t\t\t<h4>\u00a0<span style=\"color: #000000;\"><strong>SAMEDI 22 AO\u00dbT 2026 : LES FONDEMENTS DE LA MISSION<\/strong><\/span><\/h4><p>\u00a0<\/p><p>9h : La Mission au service du Salut des \u00e2mes &#8211; <strong>Abb\u00e9 de Massia &#8211; Fraternit\u00e9 St Pierre<\/strong><\/p><p>\u00a0<\/p><p>10h30 : La France missionnaire \u00e0 travers le monde, depuis le XVIIe si\u00e8cle &#8211; <strong>Marie-Alpais Dumoulin &#8211; Conservatrice d&rsquo;archives missionnaires<\/strong><\/p><p>\u00a0<\/p><p>17h : La France de 2026, terre de chr\u00e9tient\u00e9 ou pays de Mission ? <strong>Samuel Pruvost &#8211; Grand reporter, Formateur de missionnaires<\/strong><\/p>\t\t\t\t\t\t\t\t<\/div>\n\t\t\t\t<\/div>\n\t\t\t\t<\/div>\n\t\t\t\t\t<\/div>\n\t\t\t\t<\/div>\n\t\t<div class=\"elementor-element elementor-element-3893121 e-flex e-con-boxed parallax_section_no qode_elementor_container_no e-con e-parent\" data-id=\"3893121\" data-element_type=\"container\" data-e-type=\"container\">\n\t\t\t\t\t<div class=\"e-con-inner\">\n\t\t<div class=\"elementor-element elementor-element-e0c1033 e-con-full e-flex parallax_section_no qode_elementor_container_no e-con e-child\" data-id=\"e0c1033\" data-element_type=\"container\" data-e-type=\"container\">\n\t\t\t\t<div class=\"elementor-element elementor-element-ac76483 e-transform elementor-widget elementor-widget-image\" data-id=\"ac76483\" data-element_type=\"widget\" data-e-type=\"widget\" data-settings=\"{&quot;_transform_scale_effect&quot;:{&quot;unit&quot;:&quot;px&quot;,&quot;size&quot;:&quot;&quot;,&quot;sizes&quot;:[]},&quot;_transform_scale_effect_tablet&quot;:{&quot;unit&quot;:&quot;px&quot;,&quot;size&quot;:&quot;&quot;,&quot;sizes&quot;:[]},&quot;_transform_scale_effect_mobile&quot;:{&quot;unit&quot;:&quot;px&quot;,&quot;size&quot;:&quot;&quot;,&quot;sizes&quot;:[]}}\" data-widget_type=\"image.default\">\n\t\t\t\t<div class=\"elementor-widget-container\">\n\t\t\t\t\t\t\t\t\t\t\t\t\t\t\t<img loading=\"lazy\" decoding=\"async\" width=\"683\" height=\"1024\" src=\"https:\/\/transmissio.org\/wp-content\/uploads\/2026\/01\/St-Esprit-683x1024.png\" class=\"attachment-large size-large wp-image-1942\" alt=\"\" srcset=\"https:\/\/transmissio.org\/wp-content\/uploads\/2026\/01\/St-Esprit-683x1024.png 683w, https:\/\/transmissio.org\/wp-content\/uploads\/2026\/01\/St-Esprit-200x300.png 200w, https:\/\/transmissio.org\/wp-content\/uploads\/2026\/01\/St-Esprit-768x1152.png 768w, https:\/\/transmissio.org\/wp-content\/uploads\/2026\/01\/St-Esprit-700x1050.png 700w, https:\/\/transmissio.org\/wp-content\/uploads\/2026\/01\/St-Esprit.png 1024w\" sizes=\"(max-width: 683px) 100vw, 683px\" \/>\t\t\t\t\t\t\t\t\t\t\t\t\t\t\t<\/div>\n\t\t\t\t<\/div>\n\t\t\t\t<\/div>\n\t\t<div class=\"elementor-element elementor-element-8d2800a e-con-full e-flex parallax_section_no qode_elementor_container_no e-con e-child\" data-id=\"8d2800a\" data-element_type=\"container\" data-e-type=\"container\">\n\t\t\t\t<div class=\"elementor-element elementor-element-b0b86fe elementor-widget elementor-widget-text-editor\" data-id=\"b0b86fe\" data-element_type=\"widget\" data-e-type=\"widget\" data-widget_type=\"text-editor.default\">\n\t\t\t\t<div class=\"elementor-widget-container\">\n\t\t\t\t\t\t\t\t\t<h4><span style=\"color: #000000;\"><strong>DIMANCHE 23 AO\u00dbT 2026 : LA MISSION \u00c0 L&rsquo;\u00c9COLE DE L&rsquo;ESPRIT SAINT<\/strong><\/span><\/h4><p>9h : L&rsquo;\u00e2me de tout apostolat &#8211; <strong>Abb\u00e9 Loiseau &#8211; Soci\u00e9t\u00e9 des Missionnaires de la Mis\u00e9ricorde Divine<\/strong><\/p><p>\u00a0<\/p><p>10h30 : Une aventure missionnaire de la tradition : le MJCF &#8211; <strong>Jean-Pierre Maugendre &#8211; Pr\u00e9sident de Renaissance Catholique<\/strong><\/p><p>\u00a0<\/p><p><strong>17h : Table ronde : l&rsquo;\u00e9vang\u00e9lisation au quotidien<\/strong><\/p><p>L&rsquo;\u00e9vang\u00e9lisation des <i>rues<\/i> &#8211; <strong>Abb\u00e9 Pierre Lebas &#8211; Mission Charles de Foucault<\/strong><\/p><p>L&rsquo;accompagnement des personnes fragiles &#8211; <strong>Blandine Phelip, cadre de sant\u00e9 en g\u00e9riatrie\u00a0<\/strong><\/p><p>L&rsquo;\u00e9vang\u00e9lisation par les loisirs &#8211; <strong>Esprit de patronage (intervenant \u00e0 confirmer)<\/strong><\/p><p>L&rsquo;\u00e9vang\u00e9lisation dans le monde professionnel &#8211; <strong>Sarkis Rouhban &#8211; consultant CEE Management<\/strong><\/p>\t\t\t\t\t\t\t\t<\/div>\n\t\t\t\t<\/div>\n\t\t\t\t<\/div>\n\t\t\t\t\t<\/div>\n\t\t\t\t<\/div>\n\t\t<div class=\"elementor-element elementor-element-5fce5ae e-flex e-con-boxed parallax_section_no qode_elementor_container_no e-con e-parent\" data-id=\"5fce5ae\" data-element_type=\"container\" data-e-type=\"container\">\n\t\t\t\t\t<div class=\"e-con-inner\">\n\t\t<div class=\"elementor-element elementor-element-c3014cb e-con-full e-flex parallax_section_no qode_elementor_container_no e-con e-child\" data-id=\"c3014cb\" data-element_type=\"container\" data-e-type=\"container\">\n\t\t\t\t<div class=\"elementor-element elementor-element-8c26302 e-transform elementor-widget elementor-widget-image\" data-id=\"8c26302\" data-element_type=\"widget\" data-e-type=\"widget\" data-settings=\"{&quot;_transform_scale_effect&quot;:{&quot;unit&quot;:&quot;px&quot;,&quot;size&quot;:&quot;&quot;,&quot;sizes&quot;:[]},&quot;_transform_scale_effect_tablet&quot;:{&quot;unit&quot;:&quot;px&quot;,&quot;size&quot;:&quot;&quot;,&quot;sizes&quot;:[]},&quot;_transform_scale_effect_mobile&quot;:{&quot;unit&quot;:&quot;px&quot;,&quot;size&quot;:&quot;&quot;,&quot;sizes&quot;:[]}}\" data-widget_type=\"image.default\">\n\t\t\t\t<div class=\"elementor-widget-container\">\n\t\t\t\t\t\t\t\t\t\t\t\t\t\t\t<img loading=\"lazy\" decoding=\"async\" width=\"683\" height=\"1024\" src=\"https:\/\/transmissio.org\/wp-content\/uploads\/2026\/01\/Bx-Isidore-nge-lat-683x1024.png\" class=\"attachment-large size-large wp-image-1943\" alt=\"\" srcset=\"https:\/\/transmissio.org\/wp-content\/uploads\/2026\/01\/Bx-Isidore-nge-lat-683x1024.png 683w, https:\/\/transmissio.org\/wp-content\/uploads\/2026\/01\/Bx-Isidore-nge-lat-200x300.png 200w, https:\/\/transmissio.org\/wp-content\/uploads\/2026\/01\/Bx-Isidore-nge-lat-768x1152.png 768w, https:\/\/transmissio.org\/wp-content\/uploads\/2026\/01\/Bx-Isidore-nge-lat-700x1050.png 700w, https:\/\/transmissio.org\/wp-content\/uploads\/2026\/01\/Bx-Isidore-nge-lat.png 1024w\" sizes=\"(max-width: 683px) 100vw, 683px\" \/>\t\t\t\t\t\t\t\t\t\t\t\t\t\t\t<\/div>\n\t\t\t\t<\/div>\n\t\t\t\t<\/div>\n\t\t<div class=\"elementor-element elementor-element-f2ec4f7 e-con-full e-flex parallax_section_no qode_elementor_container_no e-con e-child\" data-id=\"f2ec4f7\" data-element_type=\"container\" data-e-type=\"container\">\n\t\t\t\t<div class=\"elementor-element elementor-element-cb2db56 elementor-widget elementor-widget-text-editor\" data-id=\"cb2db56\" data-element_type=\"widget\" data-e-type=\"widget\" data-widget_type=\"text-editor.default\">\n\t\t\t\t<div class=\"elementor-widget-container\">\n\t\t\t\t\t\t\t\t\t<h4><strong><span style=\"color: #000000;\">LUNDI 24 AO\u00dbT 2026 : ALLEZ PR\u00caCHER L&rsquo;\u00c9VANGILE !\u00a0<\/span><\/strong><\/h4><p>9H : plaidoyer pour un apostolat doctrinal &#8211; <strong>Abb\u00e9 Raffray &#8211; Institut du Bon Pasteur<\/strong><\/p><p>\u00a0<\/p><p>10h30 : le r\u00f4le apostolique de la vie liturgique &#8211; Conf\u00e9rencier \u00e0 confirmer<\/p><p>\u00a0<\/p><p>17h : table ronde <strong>\u00c9vang\u00e9liser en 2026 &#8211; transcendance, beaut\u00e9, certitude, exigence<\/strong><\/p><p><strong>Philippe P\u00e9lissier,<\/strong> auteur de <em>La Tradition les a convertis<\/em><\/p><p><strong>Steven et Sabrina Gunnell &#8211;<\/strong> R\u00e9alisateurs de <em>Sacr\u00e9 Coeur\u00a0<\/em><\/p><p><strong>Curtis Crane &#8211;<\/strong> Fondateur de Porta Fidei<\/p><p><strong>P\u00e8re Aubry &#8211;<\/strong> Prieur de la Fraternit\u00e9 St Vincent Ferrier<\/p>\t\t\t\t\t\t\t\t<\/div>\n\t\t\t\t<\/div>\n\t\t\t\t<\/div>\n\t\t\t\t\t<\/div>\n\t\t\t\t<\/div>\n\t\t<div class=\"elementor-element elementor-element-5bbbe51 e-flex e-con-boxed parallax_section_no qode_elementor_container_no e-con e-parent\" data-id=\"5bbbe51\" data-element_type=\"container\" data-e-type=\"container\">\n\t\t\t\t\t<div class=\"e-con-inner\">\n\t\t<div class=\"elementor-element elementor-element-cf86b9c e-con-full e-flex parallax_section_no qode_elementor_container_no e-con e-child\" data-id=\"cf86b9c\" data-element_type=\"container\" data-e-type=\"container\">\n\t\t\t\t<div class=\"elementor-element elementor-element-bc7ac85 e-transform elementor-widget elementor-widget-image\" data-id=\"bc7ac85\" data-element_type=\"widget\" data-e-type=\"widget\" data-settings=\"{&quot;_transform_scale_effect&quot;:{&quot;unit&quot;:&quot;px&quot;,&quot;size&quot;:&quot;&quot;,&quot;sizes&quot;:[]},&quot;_transform_scale_effect_tablet&quot;:{&quot;unit&quot;:&quot;px&quot;,&quot;size&quot;:&quot;&quot;,&quot;sizes&quot;:[]},&quot;_transform_scale_effect_mobile&quot;:{&quot;unit&quot;:&quot;px&quot;,&quot;size&quot;:&quot;&quot;,&quot;sizes&quot;:[]}}\" data-widget_type=\"image.default\">\n\t\t\t\t<div class=\"elementor-widget-container\">\n\t\t\t\t\t\t\t\t\t\t\t\t\t\t\t<img loading=\"lazy\" decoding=\"async\" width=\"683\" height=\"1024\" src=\"https:\/\/transmissio.org\/wp-content\/uploads\/2026\/01\/ST-LOUIS-683x1024.png\" class=\"attachment-large size-large wp-image-1944\" alt=\"\" srcset=\"https:\/\/transmissio.org\/wp-content\/uploads\/2026\/01\/ST-LOUIS-683x1024.png 683w, https:\/\/transmissio.org\/wp-content\/uploads\/2026\/01\/ST-LOUIS-200x300.png 200w, https:\/\/transmissio.org\/wp-content\/uploads\/2026\/01\/ST-LOUIS-768x1152.png 768w, https:\/\/transmissio.org\/wp-content\/uploads\/2026\/01\/ST-LOUIS-700x1050.png 700w, https:\/\/transmissio.org\/wp-content\/uploads\/2026\/01\/ST-LOUIS.png 1024w\" sizes=\"(max-width: 683px) 100vw, 683px\" \/>\t\t\t\t\t\t\t\t\t\t\t\t\t\t\t<\/div>\n\t\t\t\t<\/div>\n\t\t\t\t<\/div>\n\t\t\t\t<div class=\"elementor-element elementor-element-050a80e elementor-widget__width-initial elementor-widget elementor-widget-text-editor\" data-id=\"050a80e\" data-element_type=\"widget\" data-e-type=\"widget\" data-widget_type=\"text-editor.default\">\n\t\t\t\t<div class=\"elementor-widget-container\">\n\t\t\t\t\t\t\t\t\t<h4><strong><span style=\"color: #000000;\">MARDI 25 AO\u00dbT 2026 : F\u00caTE DE LA SAINT LOUIS<\/span><\/strong><\/h4><p>\u00a0<\/p><p>10H : MESSE SOLENNELLE<\/p><p>\u00a0<\/p><p>\u00a0<\/p><p>D\u00e9part des familles apr\u00e8s un d\u00e9jeuner festif<\/p>\t\t\t\t\t\t\t\t<\/div>\n\t\t\t\t<\/div>\n\t\t<div class=\"elementor-element elementor-element-cb44377 e-con-full e-flex parallax_section_no qode_elementor_container_no e-con e-child\" data-id=\"cb44377\" data-element_type=\"container\" data-e-type=\"container\">\n\t\t\t\t<\/div>\n\t\t\t\t\t<\/div>\n\t\t\t\t<\/div>\n\t\t<div class=\"elementor-element elementor-element-1fb0dbe e-flex e-con-boxed parallax_section_no qode_elementor_container_no e-con e-parent\" data-id=\"1fb0dbe\" data-element_type=\"container\" data-e-type=\"container\">\n\t\t\t\t\t<div class=\"e-con-inner\">\n\t\t\t\t<div class=\"elementor-element elementor-element-d259415 elementor-button-success elementor-align-center elementor-widget elementor-widget-button\" data-id=\"d259415\" data-element_type=\"widget\" data-e-type=\"widget\" data-widget_type=\"button.default\">\n\t\t\t\t<div class=\"elementor-widget-container\">\n\t\t\t\t\t\t\t\t\t<div class=\"elementor-button-wrapper\">\n\t\t\t\t\t<a class=\"elementor-button elementor-button-link elementor-size-sm\" href=\"https:\/\/transmissio.org\/index.php\/inscription\/\">\n\t\t\t\t\t\t<span class=\"elementor-button-content-wrapper\">\n\t\t\t\t\t\t<span class=\"elementor-button-icon\">\n\t\t\t\t<svg aria-hidden=\"true\" class=\"e-font-icon-svg e-far-arrow-alt-circle-right\" viewBox=\"0 0 512 512\" xmlns=\"http:\/\/www.w3.org\/2000\/svg\"><path d=\"M504 256C504 119 393 8 256 8S8 119 8 256s111 248 248 248 248-111 248-248zm-448 0c0-110.5 89.5-200 200-200s200 89.5 200 200-89.5 200-200 200S56 366.5 56 256zm72 20v-40c0-6.6 5.4-12 12-12h116v-67c0-10.7 12.9-16 20.5-8.5l99 99c4.7 4.7 4.7 12.3 0 17l-99 99c-7.6 7.6-20.5 2.2-20.5-8.5v-67H140c-6.6 0-12-5.4-12-12z\"><\/path><\/svg>\t\t\t<\/span>\n\t\t\t\t\t\t\t\t\t<span class=\"elementor-button-text\">J'inscris ma famille<\/span>\n\t\t\t\t\t<\/span>\n\t\t\t\t\t<\/a>\n\t\t\t\t<\/div>\n\t\t\t\t\t\t\t\t<\/div>\n\t\t\t\t<\/div>\n\t\t\t\t\t<\/div>\n\t\t\t\t<\/div>\n\t\t<div class=\"elementor-element elementor-element-cdde45d e-flex e-con-boxed parallax_section_no qode_elementor_container_no e-con e-parent\" data-id=\"cdde45d\" data-element_type=\"container\" data-e-type=\"container\">\n\t\t\t\t\t<div class=\"e-con-inner\">\n\t\t\t\t<div class=\"elementor-element elementor-element-a2a29d9 elementor-widget elementor-widget-image\" data-id=\"a2a29d9\" data-element_type=\"widget\" data-e-type=\"widget\" data-widget_type=\"image.default\">\n\t\t\t\t<div class=\"elementor-widget-container\">\n\t\t\t\t\t\t\t\t\t\t\t\t\t\t\t<img loading=\"lazy\" decoding=\"async\" width=\"1024\" height=\"322\" src=\"https:\/\/transmissio.org\/wp-content\/uploads\/2025\/10\/Transmissio-49-2-1024x322.jpg\" class=\"attachment-large size-large wp-image-1865\" alt=\"\" srcset=\"https:\/\/transmissio.org\/wp-content\/uploads\/2025\/10\/Transmissio-49-2-1024x322.jpg 1024w, https:\/\/transmissio.org\/wp-content\/uploads\/2025\/10\/Transmissio-49-2-300x94.jpg 300w, https:\/\/transmissio.org\/wp-content\/uploads\/2025\/10\/Transmissio-49-2-768x242.jpg 768w, https:\/\/transmissio.org\/wp-content\/uploads\/2025\/10\/Transmissio-49-2-1536x483.jpg 1536w, https:\/\/transmissio.org\/wp-content\/uploads\/2025\/10\/Transmissio-49-2-2048x644.jpg 2048w, https:\/\/transmissio.org\/wp-content\/uploads\/2025\/10\/Transmissio-49-2-700x220.jpg 700w, https:\/\/transmissio.org\/wp-content\/uploads\/2025\/10\/Transmissio-49-2-1320x415.jpg 1320w\" sizes=\"(max-width: 1024px) 100vw, 1024px\" \/>\t\t\t\t\t\t\t\t\t\t\t\t\t\t\t<\/div>\n\t\t\t\t<\/div>\n\t\t\t\t\t<\/div>\n\t\t\t\t<\/div>\n\t\t<div class=\"elementor-element elementor-element-4fcba3d e-flex e-con-boxed parallax_section_no qode_elementor_container_no e-con e-parent\" data-id=\"4fcba3d\" data-element_type=\"container\" data-e-type=\"container\">\n\t\t\t\t\t<div class=\"e-con-inner\">\n\t\t\t\t\t<\/div>\n\t\t\t\t<\/div>\n\t\t\t\t<\/div>\n\t\t","protected":false},"excerpt":{"rendered":"<p>TRANSMISSIO 2026 : LA MISSION ! Cette 2\u00e8me \u00e9dition de Transmissio sera plac\u00e9e sous le th\u00e8me de La Mission, dans la continuit\u00e9 du p\u00e8lerinage de Notre-Dame de Chr\u00e9tient\u00e9.\u00a0 \u00a0 Les vacances avec le Bon Dieu proposent de faire vivre aux familles l\u2019eutrap\u00e9lie, cette vertu qui&#8230;<\/p>\n","protected":false},"author":1,"featured_media":0,"parent":0,"menu_order":0,"comment_status":"closed","ping_status":"closed","template":"","meta":{"content-type":"","footnotes":""},"class_list":["post-709","page","type-page","status-publish","hentry"],"yoast_head":"<!-- This site is optimized with the Yoast SEO plugin v27.5 - https:\/\/yoast.com\/product\/yoast-seo-wordpress\/ -->\n<title>Transmissio 2026 - Transmissio<\/title>\n<meta name=\"description\" content=\"L&#039;\u00e9dition 2025 pour les vacances familiales avec le Bon Dieu et ses formations tout au long du s\u00e9jour organis\u00e9 par TRANSMISSIO.\" \/>\n<meta name=\"robots\" content=\"index, follow, max-snippet:-1, max-image-preview:large, max-video-preview:-1\" \/>\n<link rel=\"canonical\" href=\"https:\/\/transmissio.org\/index.php\/transmissio-2026\/\" \/>\n<meta property=\"og:locale\" content=\"fr_FR\" \/>\n<meta property=\"og:type\" content=\"article\" \/>\n<meta property=\"og:title\" content=\"Transmissio 2026 - Transmissio\" \/>\n<meta property=\"og:description\" content=\"L&#039;\u00e9dition 2025 pour les vacances familiales avec le Bon Dieu et ses formations tout au long du s\u00e9jour organis\u00e9 par TRANSMISSIO.\" \/>\n<meta property=\"og:url\" content=\"https:\/\/transmissio.org\/index.php\/transmissio-2026\/\" \/>\n<meta property=\"og:site_name\" content=\"Transmissio\" \/>\n<meta property=\"article:modified_time\" content=\"2026-04-01T07:55:48+00:00\" \/>\n<meta property=\"og:image\" content=\"https:\/\/transmissio.org\/wp-content\/uploads\/2026\/02\/Transmissio-64-scaled.jpg\" \/>\n\t<meta property=\"og:image:width\" content=\"1707\" \/>\n\t<meta property=\"og:image:height\" content=\"2560\" \/>\n\t<meta property=\"og:image:type\" content=\"image\/jpeg\" \/>\n<meta name=\"twitter:card\" content=\"summary_large_image\" \/>\n<meta name=\"twitter:label1\" content=\"Dur\u00e9e de lecture estim\u00e9e\" \/>\n\t<meta name=\"twitter:data1\" content=\"7 minutes\" \/>\n<script type=\"application\/ld+json\" class=\"yoast-schema-graph\">{\"@context\":\"https:\\\/\\\/schema.org\",\"@graph\":[{\"@type\":\"WebPage\",\"@id\":\"https:\\\/\\\/transmissio.org\\\/index.php\\\/transmissio-2026\\\/\",\"url\":\"https:\\\/\\\/transmissio.org\\\/index.php\\\/transmissio-2026\\\/\",\"name\":\"Transmissio 2026 - Transmissio\",\"isPartOf\":{\"@id\":\"https:\\\/\\\/transmissio.org\\\/#website\"},\"primaryImageOfPage\":{\"@id\":\"https:\\\/\\\/transmissio.org\\\/index.php\\\/transmissio-2026\\\/#primaryimage\"},\"image\":{\"@id\":\"https:\\\/\\\/transmissio.org\\\/index.php\\\/transmissio-2026\\\/#primaryimage\"},\"thumbnailUrl\":\"https:\\\/\\\/transmissio.org\\\/wp-content\\\/uploads\\\/2026\\\/02\\\/Transmissio-64-650x1300.jpg\",\"datePublished\":\"2024-12-02T12:26:15+00:00\",\"dateModified\":\"2026-04-01T07:55:48+00:00\",\"description\":\"L'\u00e9dition 2025 pour les vacances familiales avec le Bon Dieu et ses formations tout au long du s\u00e9jour organis\u00e9 par TRANSMISSIO.\",\"breadcrumb\":{\"@id\":\"https:\\\/\\\/transmissio.org\\\/index.php\\\/transmissio-2026\\\/#breadcrumb\"},\"inLanguage\":\"fr-FR\",\"potentialAction\":[{\"@type\":\"ReadAction\",\"target\":[\"https:\\\/\\\/transmissio.org\\\/index.php\\\/transmissio-2026\\\/\"]}]},{\"@type\":\"ImageObject\",\"inLanguage\":\"fr-FR\",\"@id\":\"https:\\\/\\\/transmissio.org\\\/index.php\\\/transmissio-2026\\\/#primaryimage\",\"url\":\"https:\\\/\\\/transmissio.org\\\/wp-content\\\/uploads\\\/2026\\\/02\\\/Transmissio-64-scaled.jpg\",\"contentUrl\":\"https:\\\/\\\/transmissio.org\\\/wp-content\\\/uploads\\\/2026\\\/02\\\/Transmissio-64-scaled.jpg\",\"width\":1707,\"height\":2560},{\"@type\":\"BreadcrumbList\",\"@id\":\"https:\\\/\\\/transmissio.org\\\/index.php\\\/transmissio-2026\\\/#breadcrumb\",\"itemListElement\":[{\"@type\":\"ListItem\",\"position\":1,\"name\":\"Accueil\",\"item\":\"https:\\\/\\\/transmissio.org\\\/\"},{\"@type\":\"ListItem\",\"position\":2,\"name\":\"Transmissio 2026\"}]},{\"@type\":\"WebSite\",\"@id\":\"https:\\\/\\\/transmissio.org\\\/#website\",\"url\":\"https:\\\/\\\/transmissio.org\\\/\",\"name\":\"Transmissio\",\"description\":\"Des vacances familiales avec le Bon Dieu\",\"publisher\":{\"@id\":\"https:\\\/\\\/transmissio.org\\\/#organization\"},\"potentialAction\":[{\"@type\":\"SearchAction\",\"target\":{\"@type\":\"EntryPoint\",\"urlTemplate\":\"https:\\\/\\\/transmissio.org\\\/?s={search_term_string}\"},\"query-input\":{\"@type\":\"PropertyValueSpecification\",\"valueRequired\":true,\"valueName\":\"search_term_string\"}}],\"inLanguage\":\"fr-FR\"},{\"@type\":\"Organization\",\"@id\":\"https:\\\/\\\/transmissio.org\\\/#organization\",\"name\":\"Transmissio\",\"url\":\"https:\\\/\\\/transmissio.org\\\/\",\"logo\":{\"@type\":\"ImageObject\",\"inLanguage\":\"fr-FR\",\"@id\":\"https:\\\/\\\/transmissio.org\\\/#\\\/schema\\\/logo\\\/image\\\/\",\"url\":\"https:\\\/\\\/transmissio.org\\\/wp-content\\\/uploads\\\/2024\\\/12\\\/logo_transmissio_big.png\",\"contentUrl\":\"https:\\\/\\\/transmissio.org\\\/wp-content\\\/uploads\\\/2024\\\/12\\\/logo_transmissio_big.png\",\"width\":579,\"height\":474,\"caption\":\"Transmissio\"},\"image\":{\"@id\":\"https:\\\/\\\/transmissio.org\\\/#\\\/schema\\\/logo\\\/image\\\/\"}}]}<\/script>\n<!-- \/ Yoast SEO plugin. -->","yoast_head_json":{"title":"Transmissio 2026 - Transmissio","description":"L'\u00e9dition 2025 pour les vacances familiales avec le Bon Dieu et ses formations tout au long du s\u00e9jour organis\u00e9 par TRANSMISSIO.","robots":{"index":"index","follow":"follow","max-snippet":"max-snippet:-1","max-image-preview":"max-image-preview:large","max-video-preview":"max-video-preview:-1"},"canonical":"https:\/\/transmissio.org\/index.php\/transmissio-2026\/","og_locale":"fr_FR","og_type":"article","og_title":"Transmissio 2026 - Transmissio","og_description":"L'\u00e9dition 2025 pour les vacances familiales avec le Bon Dieu et ses formations tout au long du s\u00e9jour organis\u00e9 par TRANSMISSIO.","og_url":"https:\/\/transmissio.org\/index.php\/transmissio-2026\/","og_site_name":"Transmissio","article_modified_time":"2026-04-01T07:55:48+00:00","og_image":[{"width":1707,"height":2560,"url":"https:\/\/transmissio.org\/wp-content\/uploads\/2026\/02\/Transmissio-64-scaled.jpg","type":"image\/jpeg"}],"twitter_card":"summary_large_image","twitter_misc":{"Dur\u00e9e de lecture estim\u00e9e":"7 minutes"},"schema":{"@context":"https:\/\/schema.org","@graph":[{"@type":"WebPage","@id":"https:\/\/transmissio.org\/index.php\/transmissio-2026\/","url":"https:\/\/transmissio.org\/index.php\/transmissio-2026\/","name":"Transmissio 2026 - Transmissio","isPartOf":{"@id":"https:\/\/transmissio.org\/#website"},"primaryImageOfPage":{"@id":"https:\/\/transmissio.org\/index.php\/transmissio-2026\/#primaryimage"},"image":{"@id":"https:\/\/transmissio.org\/index.php\/transmissio-2026\/#primaryimage"},"thumbnailUrl":"https:\/\/transmissio.org\/wp-content\/uploads\/2026\/02\/Transmissio-64-650x1300.jpg","datePublished":"2024-12-02T12:26:15+00:00","dateModified":"2026-04-01T07:55:48+00:00","description":"L'\u00e9dition 2025 pour les vacances familiales avec le Bon Dieu et ses formations tout au long du s\u00e9jour organis\u00e9 par TRANSMISSIO.","breadcrumb":{"@id":"https:\/\/transmissio.org\/index.php\/transmissio-2026\/#breadcrumb"},"inLanguage":"fr-FR","potentialAction":[{"@type":"ReadAction","target":["https:\/\/transmissio.org\/index.php\/transmissio-2026\/"]}]},{"@type":"ImageObject","inLanguage":"fr-FR","@id":"https:\/\/transmissio.org\/index.php\/transmissio-2026\/#primaryimage","url":"https:\/\/transmissio.org\/wp-content\/uploads\/2026\/02\/Transmissio-64-scaled.jpg","contentUrl":"https:\/\/transmissio.org\/wp-content\/uploads\/2026\/02\/Transmissio-64-scaled.jpg","width":1707,"height":2560},{"@type":"BreadcrumbList","@id":"https:\/\/transmissio.org\/index.php\/transmissio-2026\/#breadcrumb","itemListElement":[{"@type":"ListItem","position":1,"name":"Accueil","item":"https:\/\/transmissio.org\/"},{"@type":"ListItem","position":2,"name":"Transmissio 2026"}]},{"@type":"WebSite","@id":"https:\/\/transmissio.org\/#website","url":"https:\/\/transmissio.org\/","name":"Transmissio","description":"Des vacances familiales avec le Bon Dieu","publisher":{"@id":"https:\/\/transmissio.org\/#organization"},"potentialAction":[{"@type":"SearchAction","target":{"@type":"EntryPoint","urlTemplate":"https:\/\/transmissio.org\/?s={search_term_string}"},"query-input":{"@type":"PropertyValueSpecification","valueRequired":true,"valueName":"search_term_string"}}],"inLanguage":"fr-FR"},{"@type":"Organization","@id":"https:\/\/transmissio.org\/#organization","name":"Transmissio","url":"https:\/\/transmissio.org\/","logo":{"@type":"ImageObject","inLanguage":"fr-FR","@id":"https:\/\/transmissio.org\/#\/schema\/logo\/image\/","url":"https:\/\/transmissio.org\/wp-content\/uploads\/2024\/12\/logo_transmissio_big.png","contentUrl":"https:\/\/transmissio.org\/wp-content\/uploads\/2024\/12\/logo_transmissio_big.png","width":579,"height":474,"caption":"Transmissio"},"image":{"@id":"https:\/\/transmissio.org\/#\/schema\/logo\/image\/"}}]}},"_links":{"self":[{"href":"https:\/\/transmissio.org\/index.php\/wp-json\/wp\/v2\/pages\/709","targetHints":{"allow":["GET"]}}],"collection":[{"href":"https:\/\/transmissio.org\/index.php\/wp-json\/wp\/v2\/pages"}],"about":[{"href":"https:\/\/transmissio.org\/index.php\/wp-json\/wp\/v2\/types\/page"}],"author":[{"embeddable":true,"href":"https:\/\/transmissio.org\/index.php\/wp-json\/wp\/v2\/users\/1"}],"replies":[{"embeddable":true,"href":"https:\/\/transmissio.org\/index.php\/wp-json\/wp\/v2\/comments?post=709"}],"version-history":[{"count":236,"href":"https:\/\/transmissio.org\/index.php\/wp-json\/wp\/v2\/pages\/709\/revisions"}],"predecessor-version":[{"id":2057,"href":"https:\/\/transmissio.org\/index.php\/wp-json\/wp\/v2\/pages\/709\/revisions\/2057"}],"wp:attachment":[{"href":"https:\/\/transmissio.org\/index.php\/wp-json\/wp\/v2\/media?parent=709"}],"curies":[{"name":"wp","href":"https:\/\/api.w.org\/{rel}","templated":true}]}}